{"id":15942,"date":"2019-10-29T09:53:37","date_gmt":"2019-10-29T08:53:37","guid":{"rendered":"https:\/\/www.dienes.de\/messerhalter\/"},"modified":"2021-05-10T15:13:55","modified_gmt":"2021-05-10T13:13:55","slug":"porte-couteau","status":"publish","type":"page","link":"https:\/\/www.dienes.de\/fr\/produits\/porte-couteau\/","title":{"rendered":"Portes couteaux"},"content":{"rendered":"\n<div class=\"wp-block-columns is-layout-flex wp-container-core-columns-is-layout-9d6595d7 wp-block-columns-is-layout-flex\">\n<div class=\"wp-block-column is-layout-flow wp-block-column-is-layout-flow\" style=\"flex-basis:66.66%\">\n<h2 class=\"wp-block-heading\">Pour chauqe coupe la bonne option<\/h2>\n\n\n\n<p>Qu&rsquo;il s&rsquo;agisse d&rsquo;un porte-couteau pour la coupe aux ciseaux, la coupe par \u00e9crasement, la coupe par \u00e9clatement\/la coupe \u00e0 la lame de rasoir ou la coupe \u00e0 chaud, qu&rsquo;il s&rsquo;agisse de la s\u00e9rie Premium, Elite ou Ultimate, ils convainquent tous par un guidage des couteaux des plus pr\u00e9cis, une longue dur\u00e9e de vie, une utilisation simple et un maintien s\u00fbr lors de l&rsquo;utilisation quotidienne. En outre, presque tous nos porte-couteaux peuvent \u00eatre int\u00e9gr\u00e9s dans les syst\u00e8mes de coupe DIENES. Par exemple, dans notre syst\u00e8me r\u00e9volutionnaire de positionnement automatique et simultan\u00e9 SIMU-FLASH ou dans nos aides au positionnement de haute pr\u00e9cision \u00e0 commande manuelle. Gr\u00e2ce \u00e0 nos recherches, nous d\u00e9veloppons constamment nos produits. Des produits standard aux solutions sp\u00e9ciales individuelles, nous pouvons r\u00e9pondre \u00e0 toutes les technologies de coupe et aux exigences sp\u00e9cifiques des clients.<\/p>\n\n\n\n<p>Nous offrons la bonne solution pour toutes les applications et exigences. C&rsquo;est pourquoi nous avons d\u00e9cid\u00e9 de diviser nos porte-couteaux en trois cat\u00e9gories diff\u00e9rentes. Notre vaste gamme de produits s&rsquo;\u00e9tend des solutions standard sophistiqu\u00e9es aux produits sp\u00e9ciaux sur mesure. Nous esp\u00e9rons que vous aurez une id\u00e9e de la multitude de combinaisons possibles concernant les applications sp\u00e9ciales des types de porte-couteaux DIENES. Si vous \u00eates int\u00e9ress\u00e9 par l&rsquo;un ou l&rsquo;autre des mod\u00e8les sp\u00e9ciaux ou si vous avez d&rsquo;autres questions sur la base de nos informations, n&rsquo;h\u00e9sitez pas \u00e0 nous contacter.<\/p>\n<\/div>\n\n\n\n<div class=\"wp-block-column is-layout-flow wp-block-column-is-layout-flow\" style=\"flex-basis:33.33%\"><aside class=\"sidebar\">\n    \n            \n        <div class=\"sidebar-box\">\n    \n                            <h3 class=\"headline headline--h3 sidebar-box__headline\">Contactez votre interlocuteur <\/h3>\n\n                                <div class=\"sidebar-contact-details\">\n    <div class=\"sidebar-contact-details__label sidebar-contact-details__name\"><\/div>\n\n    \n    <\/div>\n                                <div>\n    <a href=\"https:\/\/www.dienes.de\/fr\/dienes-kontakt\/\" target=\"\" class=\"sidebar-box__link  link \">\n        <span class=\"link__text\">\n            Vers le formulaire de contact\n        <\/span>\n    <\/a>\n<\/div>\n            <\/div>\n    <\/aside>\n<\/div>\n<\/div>\n<div class=\"messerhalter-product-types\">\n            <div class=\"messerhalter-product-types__item\">\n            <div class=\"product-type-box\">\n        <h3 class=\"product-type-box__header product-type-box__header--grey  \">premium<\/h3>\n    <div class=\"product-type-box__body\"><p>Kompromisslos in Design und Ergonomie zu einem hervorragenden Preis-Leistungs-Verh\u00e4ltnis.<\/p>\n<\/div>\n<\/div>\n        <\/div>\n            <div class=\"messerhalter-product-types__item\">\n            <div class=\"product-type-box\">\n        <h3 class=\"product-type-box__header  product-type-box__header--blue \">elite<\/h3>\n    <div class=\"product-type-box__body\"><p>Unsere neusten Messerhalter und Bestseller mit neuem Look &amp; Feel und h\u00f6chster Pr\u00e4zision.<\/p>\n<\/div>\n<\/div>\n        <\/div>\n            <div class=\"messerhalter-product-types__item\">\n            <div class=\"product-type-box\">\n        <h3 class=\"product-type-box__header   product-type-box__header--red\">ultimate<\/h3>\n    <div class=\"product-type-box__body\"><p>Individuell konfigurierte Messerhalter f\u00fcr besondere, branchenspezifische Schneidherausforderungen.<\/p>\n<\/div>\n<\/div>\n        <\/div>\n    <\/div>\n\n<h2 class=\"wp-block-heading\">Nos porte-couteaux<\/h2>\n<div class=\"messerhalter-produkte\" id=\"filtered\">\n    \n    \n    <form data-term=messerhalter class=\"filter-widget filter-widget--product js-filter-widget  filter-widget--flex-3\" action=\"#filtered\">\n        <div class=\"filter-widget__dropdown js-dropdown\">\n        <div class=\"filter-widget__inputs\">\n                                                    <div class=\"js-filter-widget-field filter-widget-select\">\n    <label class=\"label\" for=\"schnitttechniken_select\">M\u00e9thode de coupe<\/label>\n    <select name=\"schnitttechniken\"\n            data-label=\"Toutes les m\u00e9thodes de coupe\"\n            id=\"schnitttechniken_select\"\n            class=\"select select--white js-auto-submit-trigger\"\n                        >\n                    <option value=\"\">Toutes les m\u00e9thodes de coupe<\/option>\n                            <option value=\"berstschnitt-fr\" >\n                Berstschnitt\n            <\/option>\n                    <option value=\"heissschnitt-und-beheizter-schnitt-fr\" >\n                Hei\u00dfschnitt und Beheizter Schnitt\n            <\/option>\n                    <option value=\"quetschschnitt-fr\" >\n                Quetschschnitt\n            <\/option>\n                    <option value=\"rasierklingenschnitt-fr\" >\n                Rasierklingenschnitt\n            <\/option>\n                    <option value=\"rollscherenschnitt-fr\" >\n                Rollscherenschnitt\n            <\/option>\n                    <option value=\"rotationsschnitt-fr\" >\n                Rotationsschnitt\n            <\/option>\n                    <option value=\"scherenschnitt-fr\" >\n                Scherenschnitt\n            <\/option>\n                    <option value=\"schmalschnitt-fr\" >\n                Schmalschnitt\n            <\/option>\n                    <option value=\"spitz-auf-spitz-fr\" >\n                Spitz auf Spitz\n            <\/option>\n                    <option value=\"stanzschnitt-fr\" >\n                Stanzschnitt\n            <\/option>\n            <\/select>\n<\/div>\n                                                                <div class=\"js-filter-widget-field filter-widget-select\">\n    <label class=\"label\" for=\"materialien_select\">Mat\u00e9riel de coupe<\/label>\n    <select name=\"materialien\"\n            data-label=\"Tous les mat\u00e9riaux de coupe\"\n            id=\"materialien_select\"\n            class=\"select select--white js-auto-submit-trigger\"\n                        >\n                    <option value=\"\">Tous les mat\u00e9riaux de coupe<\/option>\n                            <option value=\"aluminium-ne-metalle-fr\" >\n                Aluminium und NE Metalle\n            <\/option>\n                    <option value=\"batteriefolie-separatorenfolie-fr\" >\n                Batteriefolie \/ Separatorenfolie\n            <\/option>\n                    <option value=\"blech-und-stahl-fr\" >\n                Blech und Stahl\n            <\/option>\n                    <option value=\"carbon-glasfaser-und-composites-fr\" >\n                Carbon, Glasfaser und Composites\n            <\/option>\n                    <option value=\"film-folie-kunststoff-fr\" >\n                Film, Folie und Kunststoff\n            <\/option>\n                    <option value=\"gummi-fr\" >\n                Gummi\n            <\/option>\n                    <option value=\"klebeband-und-etiketten-fr\" >\n                Klebeband und Etiketten\n            <\/option>\n                    <option value=\"nonwoven-textil-fr\" >\n                Nonwoven und Textil\n            <\/option>\n                    <option value=\"papier-pappe-karton-druck-fr\" >\n                Papier, Pappe, Karton und Druck\n            <\/option>\n                    <option value=\"recycling-fr\" >\n                Recycling\n            <\/option>\n            <\/select>\n<\/div>\n                                                                <div class=\"js-filter-widget-field filter-widget-select\">\n    <label class=\"label\" for=\"messerdurchmesser_select\">Diam\u00e8tre du couteau<\/label>\n    <select name=\"messerdurchmesser\"\n            data-label=\"Tous les diam\u00e8tres\"\n            id=\"messerdurchmesser_select\"\n            class=\"select select--white js-auto-submit-trigger\"\n                        >\n                    <option value=\"\">Tous les diam\u00e8tres<\/option>\n                            <option value=\"180-220-mm-fr\" >\n                180 &#8211; 220 mm\n            <\/option>\n                    <option value=\"130-150-mm-fr\" >\n                130 &#8211; 150 mm\n            <\/option>\n                    <option value=\"105-130-mm-fr\" >\n                105 &#8211; 130 mm\n            <\/option>\n                    <option value=\"kleiner-als-105-mm-fr\" >\n                kleiner als 105 mm\n            <\/option>\n                    <option value=\"kleiner-als-90-mm-fr\" >\n                kleiner als 90 mm\n            <\/option>\n            <\/select>\n<\/div>\n                                                                <div class=\"js-filter-widget-field filter-widget-select\">\n    <label class=\"label\" for=\"bahngeschwindigkeit_select\">Vitesse du Web<\/label>\n    <select name=\"bahngeschwindigkeit\"\n            data-label=\"Toutes les vitesses\"\n            id=\"bahngeschwindigkeit_select\"\n            class=\"select select--white js-auto-submit-trigger\"\n                        >\n                    <option value=\"\">Toutes les vitesses<\/option>\n                            <option value=\"bis-3000-m-min-fr\" >\n                bis 3000 m\/min\n            <\/option>\n                    <option value=\"bis-2000-m-min-fr\" >\n                bis 2000 m\/min\n            <\/option>\n                    <option value=\"bis-1200-m-min-fr\" >\n                bis 1200 m\/min\n            <\/option>\n                    <option value=\"bis-400-m-min-fr\" >\n                bis 400 m\/min\n            <\/option>\n                    <option value=\"bis-300-m-min-fr\" >\n                bis 300 m\/min\n            <\/option>\n            <\/select>\n<\/div>\n                                                                <div class=\"js-filter-widget-field filter-widget-select\">\n    <label class=\"label\" for=\"schnittbreite_select\">Largeur de coupe<\/label>\n    <select name=\"schnittbreite\"\n            data-label=\"Toutes les largeurs de coupe\"\n            id=\"schnittbreite_select\"\n            class=\"select select--white js-auto-submit-trigger\"\n                        >\n                    <option value=\"\">Toutes les largeurs de coupe<\/option>\n                            <option value=\"100-150-mm-fr\" >\n                100 &#8211; 150 mm\n            <\/option>\n                    <option value=\"50-100-mm-fr\" >\n                50 &#8211; 100 mm\n            <\/option>\n                    <option value=\"25-50-mm-fr\" >\n                25 &#8211; 50 mm\n            <\/option>\n                    <option value=\"groesser-als-150-mm-fr\" >\n                gr\u00f6\u00dfer als 150 mm\n            <\/option>\n                    <option value=\"kleiner-als-25-mm-fr\" >\n                kleiner als 25 mm\n            <\/option>\n            <\/select>\n<\/div>\n                                                                <div class=\"js-filter-widget-field filter-widget-select\">\n    <label class=\"label\" for=\"sicherheitshandschutz_select\">Protection des mains<\/label>\n    <select name=\"sicherheitshandschutz\"\n            data-label=\"Toutes les variantes\"\n            id=\"sicherheitshandschutz_select\"\n            class=\"select select--white js-auto-submit-trigger\"\n                        >\n                    <option value=\"\">Toutes les variantes<\/option>\n                            <option value=\"ja-fr\" >\n                Ja\n            <\/option>\n            <\/select>\n<\/div>\n                            \n                <div class=\"filter-widget__buttons\">\n                <button type=\"submit\" class=\"button\">D\u00e9marrer la recherche<\/button>\n                <a href=\"#\" class=\"js-filter-widget-reset link\">\n                    <span class=\"link__text\">\n                        R\u00e9initialiser le filtre\n                    <\/span>\n                <\/a>\n            <\/div>\n        <\/div>\n        <div class=\"filter-widget__dropdown-filter\">\n            <a class=\"js-dropdown-trigger filter-widget__dropdown-trigger\" href=\"#\">\n                Filter <span class=\"filter-widget__dropdown-span filter-widget__dropdown-span--active\">ausblenden<\/span><span class=\"filter-widget__dropdown-span filter-widget__dropdown-span--inactive\">einblenden<\/span>\n            <\/a>\n        <\/div>\n    <\/div>\n    <\/form>\n            <div class=\"headline headline--h3 messerhalter-produkte__result-count\">\n            18 Porte-couteau\n        <\/div>\n        <ul class=\"product-grid\">\n                    <li class=\"product-grid__item\">\n                                                    \n                \n                <a class=\"product-card tease-product link-container \"\n   \n   href=\"https:\/\/www.dienes.de\/fr\/produits\/messerhalter-fr\/messerhalter-ds-4\/\">\n\t<div class=\"product-card__image-wrapper\">\n\t\t\t\t\t    <figure data-expand=\"1\">\n        <picture class=\"\">\n            <source type=\"image\/webp\"\n                data-srcset=\"https:\/\/www.dienes.de\/wp-content\/uploads\/2021\/03\/Design-ohne-Titel-1-1-240x240-c-default.webp 1x, https:\/\/www.dienes.de\/wp-content\/uploads\/2021\/03\/Design-ohne-Titel-1-1-480x480-c-default.webp 2x\" \/>\n    \n    <img data-src=\"https:\/\/www.dienes.de\/wp-content\/uploads\/2021\/03\/Design-ohne-Titel-1-1-240x240-c-default.jpg\"\n         data-lowsrc=\"https:\/\/www.dienes.de\/wp-content\/uploads\/2021\/03\/Design-ohne-Titel-1-1-24x24-c-default.jpg\"\n         data-width=\"240\"\n         data-height=\"240\"\n         data-sizes=\"auto\"\n         class=\"lazyload product-card__image\"\n                            srcset=\"https:\/\/www.dienes.de\/wp-content\/uploads\/2021\/03\/Design-ohne-Titel-1-1-240x240-c-default.jpg 1x, https:\/\/www.dienes.de\/wp-content\/uploads\/2021\/03\/Design-ohne-Titel-1-1-480x480-c-default.jpg 2x\"\n                data-srcset=\"https:\/\/www.dienes.de\/wp-content\/uploads\/2021\/03\/Design-ohne-Titel-1-1-240x240-c-default.jpg 1x, https:\/\/www.dienes.de\/wp-content\/uploads\/2021\/03\/Design-ohne-Titel-1-1-480x480-c-default.jpg 2x\"\n                                        alt=\"Le DS 4 est l'un des porte-couteaux de haute technologie de DIENES et convient \u00e0 de nombreuses applications.\"\n                >\n<\/picture>\n\n    <\/figure>\n\n\t\t\t<\/div>\n\n\t<div class=\"product-card__text-wrapper\">\n\t\t\t\t\t\t\t\t<span class=\"product-card__flag product-card__flag--grey\">\u00e9lite<\/span>\n\t\t\n\t\t\t\t\t<span class=\"product-card__flag product-card__flag--orange product-card__flag--second\">Bestsellers<\/span>\n\t\t\n\t\t\t\t\t<div class=\"product-card__category\">Quetschschnitt, Rasierklingenschnitt, Scherenschnitt<\/div>\n\t\t\n\t\t<h3 class=\"product-card__headline headline headline--h3\">Porte-couteau DS 4<\/h3>\n\n\t\t<div class=\"product-card__subheadline\"><\/div>\n\n\t\t<span class=\"product-card__link link\">\n\t\t\t<span class=\"link__text\">\n\t\t\t\t\t\t\t\t\tVoir les d\u00e9tails\n\t\t\t\t\t\t\t<\/span>\n\t\t<\/span>\n\t<\/div>\n<\/a>\n            <\/li>\n                    <li class=\"product-grid__item\">\n                                                    \n                \n                <a class=\"product-card tease-product link-container \"\n   \n   href=\"https:\/\/www.dienes.de\/fr\/produits\/messerhalter-fr\/messerhalter-psgs-df-50\/\">\n\t<div class=\"product-card__image-wrapper\">\n\t\t\t\t\t    <figure data-expand=\"1\">\n        <picture class=\"\">\n            <source type=\"image\/webp\"\n                data-srcset=\"https:\/\/www.dienes.de\/wp-content\/uploads\/2021\/03\/PSGs_DF_50_LED-1-240x240-c-default.webp 1x, https:\/\/www.dienes.de\/wp-content\/uploads\/2021\/03\/PSGs_DF_50_LED-1-480x480-c-default.webp 2x\" \/>\n    \n    <img data-src=\"https:\/\/www.dienes.de\/wp-content\/uploads\/2021\/03\/PSGs_DF_50_LED-1-240x240-c-default.jpg\"\n         data-lowsrc=\"https:\/\/www.dienes.de\/wp-content\/uploads\/2021\/03\/PSGs_DF_50_LED-1-24x24-c-default.jpg\"\n         data-width=\"240\"\n         data-height=\"240\"\n         data-sizes=\"auto\"\n         class=\"lazyload product-card__image\"\n                            srcset=\"https:\/\/www.dienes.de\/wp-content\/uploads\/2021\/03\/PSGs_DF_50_LED-1-240x240-c-default.jpg 1x, https:\/\/www.dienes.de\/wp-content\/uploads\/2021\/03\/PSGs_DF_50_LED-1-480x480-c-default.jpg 2x\"\n                data-srcset=\"https:\/\/www.dienes.de\/wp-content\/uploads\/2021\/03\/PSGs_DF_50_LED-1-240x240-c-default.jpg 1x, https:\/\/www.dienes.de\/wp-content\/uploads\/2021\/03\/PSGs_DF_50_LED-1-480x480-c-default.jpg 2x\"\n                                        alt=\"Le porte-couteau PSGs DF 50 LED dispose d'un r\u00e9glage de profondeur tr\u00e8s pr\u00e9cis et confortable et fait ses preuves dans l'utilisation des feuilles et papiers les plus \u00e9pais ainsi que d'autres mat\u00e9riaux.\"\n                >\n<\/picture>\n\n    <\/figure>\n\n\t\t\t<\/div>\n\n\t<div class=\"product-card__text-wrapper\">\n\t\t\t\t\t\t\t\t<span class=\"product-card__flag product-card__flag--grey\">\u00e9lite<\/span>\n\t\t\n\t\t\t\t\t<span class=\"product-card__flag product-card__flag--orange product-card__flag--second\">Bestsellers<\/span>\n\t\t\n\t\t\t\t\t<div class=\"product-card__category\">Scherenschnitt<\/div>\n\t\t\n\t\t<h3 class=\"product-card__headline headline headline--h3\">Porte-couteau PSGs DF 50<\/h3>\n\n\t\t<div class=\"product-card__subheadline\"><\/div>\n\n\t\t<span class=\"product-card__link link\">\n\t\t\t<span class=\"link__text\">\n\t\t\t\t\t\t\t\t\tVoir les d\u00e9tails\n\t\t\t\t\t\t\t<\/span>\n\t\t<\/span>\n\t<\/div>\n<\/a>\n            <\/li>\n                    <li class=\"product-grid__item\">\n                                                    \n                \n                <a class=\"product-card tease-product link-container \"\n   \n   href=\"https:\/\/www.dienes.de\/fr\/produits\/messerhalter-fr\/ds-8\/\">\n\t<div class=\"product-card__image-wrapper\">\n\t\t\t\t\t    <figure data-expand=\"1\">\n        <picture class=\"\">\n            <source type=\"image\/webp\"\n                data-srcset=\"https:\/\/www.dienes.de\/wp-content\/uploads\/2021\/03\/FD_V2Q4033-bearb-blau-quadrat-cmyk-240x240-c-default.webp 1x, https:\/\/www.dienes.de\/wp-content\/uploads\/2021\/03\/FD_V2Q4033-bearb-blau-quadrat-cmyk-480x480-c-default.webp 2x\" \/>\n    \n    <img data-src=\"https:\/\/www.dienes.de\/wp-content\/uploads\/2021\/03\/FD_V2Q4033-bearb-blau-quadrat-cmyk-240x240-c-default.jpg\"\n         data-lowsrc=\"https:\/\/www.dienes.de\/wp-content\/uploads\/2021\/03\/FD_V2Q4033-bearb-blau-quadrat-cmyk-24x24-c-default.jpg\"\n         data-width=\"240\"\n         data-height=\"240\"\n         data-sizes=\"auto\"\n         class=\"lazyload product-card__image\"\n                            srcset=\"https:\/\/www.dienes.de\/wp-content\/uploads\/2021\/03\/FD_V2Q4033-bearb-blau-quadrat-cmyk-240x240-c-default.jpg 1x, https:\/\/www.dienes.de\/wp-content\/uploads\/2021\/03\/FD_V2Q4033-bearb-blau-quadrat-cmyk-480x480-c-default.jpg 2x\"\n                data-srcset=\"https:\/\/www.dienes.de\/wp-content\/uploads\/2021\/03\/FD_V2Q4033-bearb-blau-quadrat-cmyk-240x240-c-default.jpg 1x, https:\/\/www.dienes.de\/wp-content\/uploads\/2021\/03\/FD_V2Q4033-bearb-blau-quadrat-cmyk-480x480-c-default.jpg 2x\"\n                                        alt=\"La photo montre le porte-couteau DIENES DS 8 avec la fonction suppl\u00e9mentaire Easy Change pour un changement de couteau sans outil.\"\n                >\n<\/picture>\n\n    <\/figure>\n\n\t\t\t<\/div>\n\n\t<div class=\"product-card__text-wrapper\">\n\t\t\t\t\t\t\t\t<span class=\"product-card__flag product-card__flag--grey\">\u00e9lite<\/span>\n\t\t\n\t\t\t\t\t<span class=\"product-card__flag product-card__flag--orange product-card__flag--second\">Bestsellers<\/span>\n\t\t\n\t\t\t\t\t<div class=\"product-card__category\">Scherenschnitt<\/div>\n\t\t\n\t\t<h3 class=\"product-card__headline headline headline--h3\">Porte-couteau DS 8<\/h3>\n\n\t\t<div class=\"product-card__subheadline\"><\/div>\n\n\t\t<span class=\"product-card__link link\">\n\t\t\t<span class=\"link__text\">\n\t\t\t\t\t\t\t\t\tVoir les d\u00e9tails\n\t\t\t\t\t\t\t<\/span>\n\t\t<\/span>\n\t<\/div>\n<\/a>\n            <\/li>\n                    <li class=\"product-grid__item\">\n                                                    \n                \n                <a class=\"product-card tease-product link-container \"\n   \n   href=\"https:\/\/www.dienes.de\/fr\/produits\/messerhalter-fr\/scherenschnittmesserhalter-psgm-16\/\">\n\t<div class=\"product-card__image-wrapper\">\n\t\t\t\t\t    <figure data-expand=\"1\">\n        <picture class=\"\">\n            <source type=\"image\/webp\"\n                data-srcset=\"https:\/\/www.dienes.de\/wp-content\/uploads\/2021\/05\/PSGm-16-neues-Format-500x500-1-240x240-c-default.webp 1x, https:\/\/www.dienes.de\/wp-content\/uploads\/2021\/05\/PSGm-16-neues-Format-500x500-1-480x480-c-default.webp 2x\" \/>\n    \n    <img data-src=\"https:\/\/www.dienes.de\/wp-content\/uploads\/2021\/05\/PSGm-16-neues-Format-500x500-1-240x240-c-default.jpg\"\n         data-lowsrc=\"https:\/\/www.dienes.de\/wp-content\/uploads\/2021\/05\/PSGm-16-neues-Format-500x500-1-24x24-c-default.jpg\"\n         data-width=\"240\"\n         data-height=\"240\"\n         data-sizes=\"auto\"\n         class=\"lazyload product-card__image\"\n                            srcset=\"https:\/\/www.dienes.de\/wp-content\/uploads\/2021\/05\/PSGm-16-neues-Format-500x500-1-240x240-c-default.jpg 1x, https:\/\/www.dienes.de\/wp-content\/uploads\/2021\/05\/PSGm-16-neues-Format-500x500-1-480x480-c-default.jpg 2x\"\n                data-srcset=\"https:\/\/www.dienes.de\/wp-content\/uploads\/2021\/05\/PSGm-16-neues-Format-500x500-1-240x240-c-default.jpg 1x, https:\/\/www.dienes.de\/wp-content\/uploads\/2021\/05\/PSGm-16-neues-Format-500x500-1-480x480-c-default.jpg 2x\"\n                                        alt=\"Le porte-couteau PSGm 16 a \u00e9t\u00e9 sp\u00e9cialement con\u00e7u pour les petites largeurs de coupe. Ce porte-couteau, brevet\u00e9 depuis longtemps par DIENES, a rendu possible pour la premi\u00e8re fois des largeurs de coupe extr\u00eamement \u00e9troites.\"\n                >\n<\/picture>\n\n    <\/figure>\n\n\t\t\t<\/div>\n\n\t<div class=\"product-card__text-wrapper\">\n\t\t\t\t\t\t\t\t<span class=\"product-card__flag product-card__flag--grey\">prime<\/span>\n\t\t\n\t\t\n\t\t\t\t\t<div class=\"product-card__category\">Scherenschnitt<\/div>\n\t\t\n\t\t<h3 class=\"product-card__headline headline headline--h3\">Porte-couteau PSGm 16<\/h3>\n\n\t\t<div class=\"product-card__subheadline\"><\/div>\n\n\t\t<span class=\"product-card__link link\">\n\t\t\t<span class=\"link__text\">\n\t\t\t\t\t\t\t\t\tVoir les d\u00e9tails\n\t\t\t\t\t\t\t<\/span>\n\t\t<\/span>\n\t<\/div>\n<\/a>\n            <\/li>\n                    <li class=\"product-grid__item\">\n                                                    \n                \n                <a class=\"product-card tease-product link-container \"\n   \n   href=\"https:\/\/www.dienes.de\/fr\/produits\/messerhalter-fr\/messerhalter-psgm-19-df\/\">\n\t<div class=\"product-card__image-wrapper\">\n\t\t\t\t\t    <figure data-expand=\"1\">\n        <picture class=\"\">\n            <source type=\"image\/webp\"\n                data-srcset=\"https:\/\/www.dienes.de\/wp-content\/uploads\/2020\/05\/Q7F0022-3Logo-blau-quadrat-cmyk-240x240-c-default.webp 1x, https:\/\/www.dienes.de\/wp-content\/uploads\/2020\/05\/Q7F0022-3Logo-blau-quadrat-cmyk-480x480-c-default.webp 2x\" \/>\n    \n    <img data-src=\"https:\/\/www.dienes.de\/wp-content\/uploads\/2020\/05\/Q7F0022-3Logo-blau-quadrat-cmyk-240x240-c-default.jpg\"\n         data-lowsrc=\"https:\/\/www.dienes.de\/wp-content\/uploads\/2020\/05\/Q7F0022-3Logo-blau-quadrat-cmyk-24x24-c-default.jpg\"\n         data-width=\"240\"\n         data-height=\"240\"\n         data-sizes=\"auto\"\n         class=\"lazyload product-card__image\"\n                            srcset=\"https:\/\/www.dienes.de\/wp-content\/uploads\/2020\/05\/Q7F0022-3Logo-blau-quadrat-cmyk-240x240-c-default.jpg 1x, https:\/\/www.dienes.de\/wp-content\/uploads\/2020\/05\/Q7F0022-3Logo-blau-quadrat-cmyk-480x480-c-default.jpg 2x\"\n                data-srcset=\"https:\/\/www.dienes.de\/wp-content\/uploads\/2020\/05\/Q7F0022-3Logo-blau-quadrat-cmyk-240x240-c-default.jpg 1x, https:\/\/www.dienes.de\/wp-content\/uploads\/2020\/05\/Q7F0022-3Logo-blau-quadrat-cmyk-480x480-c-default.jpg 2x\"\n                                        alt=\"Gr\u00e2ce \u00e0 la conception du porte-couteau PSGm 19 DF, les guides verticaux et horizontaux sans jeu peuvent \u00eatre pris en compte dans la conception et des largeurs de coupe \u00e0 partir de 19 mm sont possibles sans compromettre la stabilit\u00e9 de la conception du porte-couteau.\"\n                >\n<\/picture>\n\n    <\/figure>\n\n\t\t\t<\/div>\n\n\t<div class=\"product-card__text-wrapper\">\n\t\t\t\t\t\t\t\t<span class=\"product-card__flag product-card__flag--grey\">prime<\/span>\n\t\t\n\t\t\n\t\t\t\t\t<div class=\"product-card__category\">Scherenschnitt<\/div>\n\t\t\n\t\t<h3 class=\"product-card__headline headline headline--h3\">Porte-couteau PSGm 19 DF<\/h3>\n\n\t\t<div class=\"product-card__subheadline\"><\/div>\n\n\t\t<span class=\"product-card__link link\">\n\t\t\t<span class=\"link__text\">\n\t\t\t\t\t\t\t\t\tVoir les d\u00e9tails\n\t\t\t\t\t\t\t<\/span>\n\t\t<\/span>\n\t<\/div>\n<\/a>\n            <\/li>\n                    <li class=\"product-grid__item\">\n                                                    \n                \n                <a class=\"product-card tease-product link-container \"\n   \n   href=\"https:\/\/www.dienes.de\/fr\/produits\/messerhalter-fr\/messerhalter-psgm-25-df\/\">\n\t<div class=\"product-card__image-wrapper\">\n\t\t\t\t\t    <figure data-expand=\"1\">\n        <picture class=\"\">\n            <source type=\"image\/webp\"\n                data-srcset=\"https:\/\/www.dienes.de\/wp-content\/uploads\/2021\/05\/PSGm-25-DF-neues-Format-500x500-1-240x240-c-default.webp 1x, https:\/\/www.dienes.de\/wp-content\/uploads\/2021\/05\/PSGm-25-DF-neues-Format-500x500-1-480x480-c-default.webp 2x\" \/>\n    \n    <img data-src=\"https:\/\/www.dienes.de\/wp-content\/uploads\/2021\/05\/PSGm-25-DF-neues-Format-500x500-1-240x240-c-default.jpg\"\n         data-lowsrc=\"https:\/\/www.dienes.de\/wp-content\/uploads\/2021\/05\/PSGm-25-DF-neues-Format-500x500-1-24x24-c-default.jpg\"\n         data-width=\"240\"\n         data-height=\"240\"\n         data-sizes=\"auto\"\n         class=\"lazyload product-card__image\"\n                            srcset=\"https:\/\/www.dienes.de\/wp-content\/uploads\/2021\/05\/PSGm-25-DF-neues-Format-500x500-1-240x240-c-default.jpg 1x, https:\/\/www.dienes.de\/wp-content\/uploads\/2021\/05\/PSGm-25-DF-neues-Format-500x500-1-480x480-c-default.jpg 2x\"\n                data-srcset=\"https:\/\/www.dienes.de\/wp-content\/uploads\/2021\/05\/PSGm-25-DF-neues-Format-500x500-1-240x240-c-default.jpg 1x, https:\/\/www.dienes.de\/wp-content\/uploads\/2021\/05\/PSGm-25-DF-neues-Format-500x500-1-480x480-c-default.jpg 2x\"\n                                        alt=\"Le porte-couteau PSGm 25 DF garantit la plus grande stabilit\u00e9 possible avec une largeur de coupe minimale de 25 mm gr\u00e2ce au double guide vertical \u00e0 faible jeu.\"\n                >\n<\/picture>\n\n    <\/figure>\n\n\t\t\t<\/div>\n\n\t<div class=\"product-card__text-wrapper\">\n\t\t\t\t\t\t\t\t<span class=\"product-card__flag product-card__flag--grey\">prime<\/span>\n\t\t\n\t\t\n\t\t\t\t\t<div class=\"product-card__category\">Scherenschnitt<\/div>\n\t\t\n\t\t<h3 class=\"product-card__headline headline headline--h3\">Porte-couteau PSGm 25 DF<\/h3>\n\n\t\t<div class=\"product-card__subheadline\"><\/div>\n\n\t\t<span class=\"product-card__link link\">\n\t\t\t<span class=\"link__text\">\n\t\t\t\t\t\t\t\t\tVoir les d\u00e9tails\n\t\t\t\t\t\t\t<\/span>\n\t\t<\/span>\n\t<\/div>\n<\/a>\n            <\/li>\n                    <li class=\"product-grid__item\">\n                                                    \n                \n                <a class=\"product-card tease-product link-container \"\n   \n   href=\"https:\/\/www.dienes.de\/fr\/produits\/messerhalter-fr\/messerhalter-psgs-50\/\">\n\t<div class=\"product-card__image-wrapper\">\n\t\t\t\t\t    <figure data-expand=\"1\">\n        <picture class=\"\">\n            <source type=\"image\/webp\"\n                data-srcset=\"https:\/\/www.dienes.de\/wp-content\/uploads\/2021\/03\/Design-ohne-Titel-2-1-240x240-c-default.webp 1x, https:\/\/www.dienes.de\/wp-content\/uploads\/2021\/03\/Design-ohne-Titel-2-1-480x480-c-default.webp 2x\" \/>\n    \n    <img data-src=\"https:\/\/www.dienes.de\/wp-content\/uploads\/2021\/03\/Design-ohne-Titel-2-1-240x240-c-default.jpg\"\n         data-lowsrc=\"https:\/\/www.dienes.de\/wp-content\/uploads\/2021\/03\/Design-ohne-Titel-2-1-24x24-c-default.jpg\"\n         data-width=\"240\"\n         data-height=\"240\"\n         data-sizes=\"auto\"\n         class=\"lazyload product-card__image\"\n                            srcset=\"https:\/\/www.dienes.de\/wp-content\/uploads\/2021\/03\/Design-ohne-Titel-2-1-240x240-c-default.jpg 1x, https:\/\/www.dienes.de\/wp-content\/uploads\/2021\/03\/Design-ohne-Titel-2-1-480x480-c-default.jpg 2x\"\n                data-srcset=\"https:\/\/www.dienes.de\/wp-content\/uploads\/2021\/03\/Design-ohne-Titel-2-1-240x240-c-default.jpg 1x, https:\/\/www.dienes.de\/wp-content\/uploads\/2021\/03\/Design-ohne-Titel-2-1-480x480-c-default.jpg 2x\"\n                                        alt=\"Le porte-couteau PSGs 50 pour la coupe par cisaillement r\u00e9pond \u00e0 la demande d'une faible largeur totale avec la plus grande stabilit\u00e9 possible, m\u00eame \u00e0 des vitesses de coupe \u00e9lev\u00e9es.\"\n                >\n<\/picture>\n\n    <\/figure>\n\n\t\t\t<\/div>\n\n\t<div class=\"product-card__text-wrapper\">\n\t\t\t\t\t\t\t\t<span class=\"product-card__flag product-card__flag--grey\">prime<\/span>\n\t\t\n\t\t\n\t\t\t\t\t<div class=\"product-card__category\">Rasierklingenschnitt, Scherenschnitt<\/div>\n\t\t\n\t\t<h3 class=\"product-card__headline headline headline--h3\">Porte-couteau PSGs 50<\/h3>\n\n\t\t<div class=\"product-card__subheadline\"><\/div>\n\n\t\t<span class=\"product-card__link link\">\n\t\t\t<span class=\"link__text\">\n\t\t\t\t\t\t\t\t\tVoir les d\u00e9tails\n\t\t\t\t\t\t\t<\/span>\n\t\t<\/span>\n\t<\/div>\n<\/a>\n            <\/li>\n                    <li class=\"product-grid__item\">\n                                                    \n                \n                <a class=\"product-card tease-product link-container \"\n   \n   href=\"https:\/\/www.dienes.de\/fr\/produits\/messerhalter-fr\/messerhalter-psa-df\/\">\n\t<div class=\"product-card__image-wrapper\">\n\t\t\t\t\t    <figure data-expand=\"1\">\n        <picture class=\"\">\n            <source type=\"image\/webp\"\n                data-srcset=\"https:\/\/www.dienes.de\/wp-content\/uploads\/2021\/03\/Design-ohne-Titel-3-240x240-c-default.webp 1x, https:\/\/www.dienes.de\/wp-content\/uploads\/2021\/03\/Design-ohne-Titel-3-480x480-c-default.webp 2x\" \/>\n    \n    <img data-src=\"https:\/\/www.dienes.de\/wp-content\/uploads\/2021\/03\/Design-ohne-Titel-3-240x240-c-default.jpg\"\n         data-lowsrc=\"https:\/\/www.dienes.de\/wp-content\/uploads\/2021\/03\/Design-ohne-Titel-3-24x24-c-default.jpg\"\n         data-width=\"240\"\n         data-height=\"240\"\n         data-sizes=\"auto\"\n         class=\"lazyload product-card__image\"\n                            srcset=\"https:\/\/www.dienes.de\/wp-content\/uploads\/2021\/03\/Design-ohne-Titel-3-240x240-c-default.jpg 1x, https:\/\/www.dienes.de\/wp-content\/uploads\/2021\/03\/Design-ohne-Titel-3-480x480-c-default.jpg 2x\"\n                data-srcset=\"https:\/\/www.dienes.de\/wp-content\/uploads\/2021\/03\/Design-ohne-Titel-3-240x240-c-default.jpg 1x, https:\/\/www.dienes.de\/wp-content\/uploads\/2021\/03\/Design-ohne-Titel-3-480x480-c-default.jpg 2x\"\n                                        alt=\"Le porte-couteau PSA DF a \u00e9t\u00e9 d\u00e9velopp\u00e9 pour la coupe \u00e0 la cisaille et permet la plus grande stabilit\u00e9 possible malgr\u00e9 sa petite largeur.\"\n                >\n<\/picture>\n\n    <\/figure>\n\n\t\t\t<\/div>\n\n\t<div class=\"product-card__text-wrapper\">\n\t\t\t\t\t\t\t\t<span class=\"product-card__flag product-card__flag--grey\">prime<\/span>\n\t\t\n\t\t\n\t\t\t\t\t<div class=\"product-card__category\">Scherenschnitt<\/div>\n\t\t\n\t\t<h3 class=\"product-card__headline headline headline--h3\">Porte-couteau PSA DF<\/h3>\n\n\t\t<div class=\"product-card__subheadline\"><\/div>\n\n\t\t<span class=\"product-card__link link\">\n\t\t\t<span class=\"link__text\">\n\t\t\t\t\t\t\t\t\tVoir les d\u00e9tails\n\t\t\t\t\t\t\t<\/span>\n\t\t<\/span>\n\t<\/div>\n<\/a>\n            <\/li>\n                    <li class=\"product-grid__item\">\n                                                    \n                \n                <a class=\"product-card tease-product link-container \"\n   \n   href=\"https:\/\/www.dienes.de\/fr\/produits\/messerhalter-fr\/messerhalter-psg-1\/\">\n\t<div class=\"product-card__image-wrapper\">\n\t\t\t\t\t    <figure data-expand=\"1\">\n        <picture class=\"\">\n            <source type=\"image\/webp\"\n                data-srcset=\"https:\/\/www.dienes.de\/wp-content\/uploads\/2021\/03\/Design-ohne-Titel-4-240x240-c-default.webp 1x, https:\/\/www.dienes.de\/wp-content\/uploads\/2021\/03\/Design-ohne-Titel-4-480x480-c-default.webp 2x\" \/>\n    \n    <img data-src=\"https:\/\/www.dienes.de\/wp-content\/uploads\/2021\/03\/Design-ohne-Titel-4-240x240-c-default.jpg\"\n         data-lowsrc=\"https:\/\/www.dienes.de\/wp-content\/uploads\/2021\/03\/Design-ohne-Titel-4-24x24-c-default.jpg\"\n         data-width=\"240\"\n         data-height=\"240\"\n         data-sizes=\"auto\"\n         class=\"lazyload product-card__image\"\n                            srcset=\"https:\/\/www.dienes.de\/wp-content\/uploads\/2021\/03\/Design-ohne-Titel-4-240x240-c-default.jpg 1x, https:\/\/www.dienes.de\/wp-content\/uploads\/2021\/03\/Design-ohne-Titel-4-480x480-c-default.jpg 2x\"\n                data-srcset=\"https:\/\/www.dienes.de\/wp-content\/uploads\/2021\/03\/Design-ohne-Titel-4-240x240-c-default.jpg 1x, https:\/\/www.dienes.de\/wp-content\/uploads\/2021\/03\/Design-ohne-Titel-4-480x480-c-default.jpg 2x\"\n                                        alt=\"Le porte-couteau PSG 1 est un porte-couteau \u00e0 cisaillement de la gamme Premium.\"\n                >\n<\/picture>\n\n    <\/figure>\n\n\t\t\t<\/div>\n\n\t<div class=\"product-card__text-wrapper\">\n\t\t\t\t\t\t\t\t<span class=\"product-card__flag product-card__flag--grey\">prime<\/span>\n\t\t\n\t\t\n\t\t\t\t\t<div class=\"product-card__category\">Scherenschnitt<\/div>\n\t\t\n\t\t<h3 class=\"product-card__headline headline headline--h3\">Porte-couteau PSG 1<\/h3>\n\n\t\t<div class=\"product-card__subheadline\"><\/div>\n\n\t\t<span class=\"product-card__link link\">\n\t\t\t<span class=\"link__text\">\n\t\t\t\t\t\t\t\t\tVoir les d\u00e9tails\n\t\t\t\t\t\t\t<\/span>\n\t\t<\/span>\n\t<\/div>\n<\/a>\n            <\/li>\n                    <li class=\"product-grid__item\">\n                                                    \n                \n                <a class=\"product-card tease-product link-container \"\n   \n   href=\"https:\/\/www.dienes.de\/fr\/produits\/messerhalter-fr\/messerhalter-psg-df-box\/\">\n\t<div class=\"product-card__image-wrapper\">\n\t\t\t\t\t    <figure data-expand=\"1\">\n        <picture class=\"\">\n            <source type=\"image\/webp\"\n                data-srcset=\"https:\/\/www.dienes.de\/wp-content\/uploads\/2021\/03\/Design-ohne-Titel-9-240x240-c-default.webp 1x, https:\/\/www.dienes.de\/wp-content\/uploads\/2021\/03\/Design-ohne-Titel-9-480x480-c-default.webp 2x\" \/>\n    \n    <img data-src=\"https:\/\/www.dienes.de\/wp-content\/uploads\/2021\/03\/Design-ohne-Titel-9-240x240-c-default.jpg\"\n         data-lowsrc=\"https:\/\/www.dienes.de\/wp-content\/uploads\/2021\/03\/Design-ohne-Titel-9-24x24-c-default.jpg\"\n         data-width=\"240\"\n         data-height=\"240\"\n         data-sizes=\"auto\"\n         class=\"lazyload product-card__image\"\n                            srcset=\"https:\/\/www.dienes.de\/wp-content\/uploads\/2021\/03\/Design-ohne-Titel-9-240x240-c-default.jpg 1x, https:\/\/www.dienes.de\/wp-content\/uploads\/2021\/03\/Design-ohne-Titel-9-480x480-c-default.jpg 2x\"\n                data-srcset=\"https:\/\/www.dienes.de\/wp-content\/uploads\/2021\/03\/Design-ohne-Titel-9-240x240-c-default.jpg 1x, https:\/\/www.dienes.de\/wp-content\/uploads\/2021\/03\/Design-ohne-Titel-9-480x480-c-default.jpg 2x\"\n                                        alt=\"Vue de l'avant et de l'arri\u00e8re du porte-couteau PSG DF Box de DIENES.\"\n                >\n<\/picture>\n\n    <\/figure>\n\n\t\t\t<\/div>\n\n\t<div class=\"product-card__text-wrapper\">\n\t\t\t\t\t\t\t\t<span class=\"product-card__flag product-card__flag--grey\">prime<\/span>\n\t\t\n\t\t\n\t\t\t\t\t<div class=\"product-card__category\">Scherenschnitt<\/div>\n\t\t\n\t\t<h3 class=\"product-card__headline headline headline--h3\">Porte-couteau PSG DF BOX<\/h3>\n\n\t\t<div class=\"product-card__subheadline\"><\/div>\n\n\t\t<span class=\"product-card__link link\">\n\t\t\t<span class=\"link__text\">\n\t\t\t\t\t\t\t\t\tVoir les d\u00e9tails\n\t\t\t\t\t\t\t<\/span>\n\t\t<\/span>\n\t<\/div>\n<\/a>\n            <\/li>\n                    <li class=\"product-grid__item\">\n                                                    \n                \n                <a class=\"product-card tease-product link-container \"\n   \n   href=\"https:\/\/www.dienes.de\/fr\/produits\/messerhalter-fr\/messerhalter-pqds\/\">\n\t<div class=\"product-card__image-wrapper\">\n\t\t\t\t\t    <figure data-expand=\"1\">\n        <picture class=\"\">\n            <source type=\"image\/webp\"\n                data-srcset=\"https:\/\/www.dienes.de\/wp-content\/uploads\/2020\/05\/FD_AH4B0735-retuschiert-240x240-c-default.webp 1x, https:\/\/www.dienes.de\/wp-content\/uploads\/2020\/05\/FD_AH4B0735-retuschiert-480x480-c-default.webp 2x\" \/>\n    \n    <img data-src=\"https:\/\/www.dienes.de\/wp-content\/uploads\/2020\/05\/FD_AH4B0735-retuschiert-240x240-c-default.jpg\"\n         data-lowsrc=\"https:\/\/www.dienes.de\/wp-content\/uploads\/2020\/05\/FD_AH4B0735-retuschiert-24x24-c-default.jpg\"\n         data-width=\"240\"\n         data-height=\"240\"\n         data-sizes=\"auto\"\n         class=\"lazyload product-card__image\"\n                            srcset=\"https:\/\/www.dienes.de\/wp-content\/uploads\/2020\/05\/FD_AH4B0735-retuschiert-240x240-c-default.jpg 1x, https:\/\/www.dienes.de\/wp-content\/uploads\/2020\/05\/FD_AH4B0735-retuschiert-480x480-c-default.jpg 2x\"\n                data-srcset=\"https:\/\/www.dienes.de\/wp-content\/uploads\/2020\/05\/FD_AH4B0735-retuschiert-240x240-c-default.jpg 1x, https:\/\/www.dienes.de\/wp-content\/uploads\/2020\/05\/FD_AH4B0735-retuschiert-480x480-c-default.jpg 2x\"\n                                        alt=\"Le porte-couteau PQDS et PQAS est le porte-couteau \u00e0 \u00e9crasement le plus connu de DIENES.\"\n                >\n<\/picture>\n\n    <\/figure>\n\n\t\t\t<\/div>\n\n\t<div class=\"product-card__text-wrapper\">\n\t\t\t\t\t\t\t\t<span class=\"product-card__flag product-card__flag--grey\">prime<\/span>\n\t\t\n\t\t\n\t\t\t\t\t<div class=\"product-card__category\">Quetschschnitt, Rasierklingenschnitt<\/div>\n\t\t\n\t\t<h3 class=\"product-card__headline headline headline--h3\">Porte-couteau PQDS et PQAS<\/h3>\n\n\t\t<div class=\"product-card__subheadline\"><\/div>\n\n\t\t<span class=\"product-card__link link\">\n\t\t\t<span class=\"link__text\">\n\t\t\t\t\t\t\t\t\tVoir les d\u00e9tails\n\t\t\t\t\t\t\t<\/span>\n\t\t<\/span>\n\t<\/div>\n<\/a>\n            <\/li>\n                    <li class=\"product-grid__item\">\n                                                    \n                \n                <a class=\"product-card tease-product link-container \"\n   \n   href=\"https:\/\/www.dienes.de\/fr\/produits\/messerhalter-fr\/messerhalter-pqa-df\/\">\n\t<div class=\"product-card__image-wrapper\">\n\t\t\t\t\t    <figure data-expand=\"1\">\n        <picture class=\"\">\n            <source type=\"image\/webp\"\n                data-srcset=\"https:\/\/www.dienes.de\/wp-content\/uploads\/2021\/03\/Design-ohne-Titel-7-240x240-c-default.webp 1x, https:\/\/www.dienes.de\/wp-content\/uploads\/2021\/03\/Design-ohne-Titel-7-480x480-c-default.webp 2x\" \/>\n    \n    <img data-src=\"https:\/\/www.dienes.de\/wp-content\/uploads\/2021\/03\/Design-ohne-Titel-7-240x240-c-default.jpg\"\n         data-lowsrc=\"https:\/\/www.dienes.de\/wp-content\/uploads\/2021\/03\/Design-ohne-Titel-7-24x24-c-default.jpg\"\n         data-width=\"240\"\n         data-height=\"240\"\n         data-sizes=\"auto\"\n         class=\"lazyload product-card__image\"\n                            srcset=\"https:\/\/www.dienes.de\/wp-content\/uploads\/2021\/03\/Design-ohne-Titel-7-240x240-c-default.jpg 1x, https:\/\/www.dienes.de\/wp-content\/uploads\/2021\/03\/Design-ohne-Titel-7-480x480-c-default.jpg 2x\"\n                data-srcset=\"https:\/\/www.dienes.de\/wp-content\/uploads\/2021\/03\/Design-ohne-Titel-7-240x240-c-default.jpg 1x, https:\/\/www.dienes.de\/wp-content\/uploads\/2021\/03\/Design-ohne-Titel-7-480x480-c-default.jpg 2x\"\n                                        alt=\"Le porte-couteau DIENES PQA DF.\"\n                >\n<\/picture>\n\n    <\/figure>\n\n\t\t\t<\/div>\n\n\t<div class=\"product-card__text-wrapper\">\n\t\t\t\t\t\t\t\t<span class=\"product-card__flag product-card__flag--grey\">prime<\/span>\n\t\t\n\t\t\n\t\t\t\t\t<div class=\"product-card__category\">Quetschschnitt<\/div>\n\t\t\n\t\t<h3 class=\"product-card__headline headline headline--h3\">Porte-couteau PQA DF<\/h3>\n\n\t\t<div class=\"product-card__subheadline\"><\/div>\n\n\t\t<span class=\"product-card__link link\">\n\t\t\t<span class=\"link__text\">\n\t\t\t\t\t\t\t\t\tVoir les d\u00e9tails\n\t\t\t\t\t\t\t<\/span>\n\t\t<\/span>\n\t<\/div>\n<\/a>\n            <\/li>\n            <\/ul>\n\n        <nav class=\"pagination-block \">\n        <ul class=\"pagination\">\n                        <li class=\"pagination__item pagination__item--prev pagination__item--deactivated\">\n                                    <span class=\"pagination__link\">\n                        <svg class=\"pagination__arrow\" xmlns=\"http:\/\/www.w3.org\/2000\/svg\" width=\"25.414\" height=\"11.233\" viewBox=\"0 0 25.414 11.233\">\n    <g transform=\"translate(-0.76 0.707)\" fill=\"#000000\">\n        <path class=\"pagination__arrow-path\" fill=\"none\" d=\"M0,.093H23.24\" transform=\"translate(0.76 4.91)\"\/>\n        <path class=\"pagination__arrow-path\" fill=\"none\" d=\"M0,9.82,4.91,4.91,0,0\" transform=\"translate(19.85)\"\/>\n    <\/g>\n<\/svg>\n                    <\/span>\n                            <\/li>\n\n                                                <li class=\"pagination__item active\">\n                        <span class=\"pagination__link page-number page-numbers current\">1<\/span>\n                    <\/li>\n                                                                <li class=\"pagination__item\">\n                        <a href=\"https:\/\/www.dienes.de\/fr\/wp-json\/wp\/v2\/pages\/15942\/page\/2\/\" class=\"pagination__link page-number page-numbers\">2<\/a>\n                    <\/li>\n                            \n                        <li class=\"pagination__item \">\n                                    <a href=\"https:\/\/www.dienes.de\/fr\/wp-json\/wp\/v2\/pages\/15942\/page\/2\/\" class=\"pagination__link\">\n                        <svg class=\"pagination__arrow\" xmlns=\"http:\/\/www.w3.org\/2000\/svg\" width=\"25.414\" height=\"11.233\" viewBox=\"0 0 25.414 11.233\">\n    <g transform=\"translate(-0.76 0.707)\" fill=\"#000000\">\n        <path class=\"pagination__arrow-path\" fill=\"none\" d=\"M0,.093H23.24\" transform=\"translate(0.76 4.91)\"\/>\n        <path class=\"pagination__arrow-path\" fill=\"none\" d=\"M0,9.82,4.91,4.91,0,0\" transform=\"translate(19.85)\"\/>\n    <\/g>\n<\/svg>\n                    <\/a>\n                            <\/li>\n        <\/ul>\n    <\/nav>\n<\/div>\n\n<div style=\"height:101px\" aria-hidden=\"true\" class=\"wp-block-spacer\"><\/div>\n\n\n\n\n<div class=\"teaser-media  teaser-media--block   js-rellax-wrapper \"\n     data-parallax-selector=\".js-parallax-teaser\"\n     data-parallax-breakpoint=\"992\">\n                        <div class=\"teaser-media__image-wrapper lazyload js-parallax-teaser\"\n             data-bg=\"https:\/\/www.dienes.de\/wp-content\/uploads\/2020\/07\/DS-8-Nahaufnahme.jpg\"\n             data-rellax-speed=\"1\"\n             data-rellax-min=\"-50\"\n             data-rellax-max=\"50\"\n        >\n        <\/div>\n    \n    \n                <div class=\"teaser-media__body-wrapper js-parallax-teaser\"\n         data-rellax-speed=\"1\"\n         data-rellax-min=\"-120\"\n         data-rellax-max=\"120\">\n        <div class=\"teaser-media__body\">\n            <div class=\"teaser-media__content\">\n                <h3 class=\"headline headline--h3 headline--underscore\">Verschiedende Tiefeneinstellungen<\/h3>\n                <p>Die Tiefe der \u00dcberlappung von Ober- und Untermesser geh\u00f6rt zu den wichtigen Schneidparametern. F\u00fcr die Einstellung der \u00dcberlappungstiefe gibt es bei Scherenschnittmesserhaltern unterschiedliche technische L\u00f6sungen, die sich durch ihre Pr\u00e4zision, die Komplexit\u00e4t und die Bedienerfreundlichkeit unterscheiden.<\/p>\n\n\n                            <\/div>\n                            <div class=\"teaser-media__link-wrapper teaser-media__link\">\n                        \n    <a href=\"https:\/\/www.dienes.de\/tiefeneinstellung-dienes-varianten\/\" target=\"\" class=\"button \" title=\"Unsere Tiefeneinstellungen\">\n        <span class=\"\">Unsere Tiefeneinstellungen<\/span>\n    <\/a>\n\n                <\/div>\n                    <\/div>\n    <\/div>\n\n    <\/div>\n\n<div style=\"height:20px\" aria-hidden=\"true\" class=\"wp-block-spacer\"><\/div>\n\n\n\n\n<div class=\"teaser-media teaser-media--right teaser-media--block   js-rellax-wrapper \"\n     data-parallax-selector=\".js-parallax-teaser\"\n     data-parallax-breakpoint=\"992\">\n                    <div class=\"teaser-media__body-wrapper js-parallax-teaser\"\n         data-rellax-speed=\"1\"\n         data-rellax-min=\"-120\"\n         data-rellax-max=\"120\">\n        <div class=\"teaser-media__body\">\n            <div class=\"teaser-media__content\">\n                <h3 class=\"headline headline--h3 headline--underscore\">DIENES Messerhalterachsen <\/h3>\n                <p>DIENES liefert Messerhalter mit Kolben System f\u00fcr den Vertikalhub, Vertikalhub mit Einfach- und Doppelf\u00fchrung, Kolben und Membransystemen f\u00fcr den Horizontalhub und Kugel-Gleitf\u00fchrungen f\u00fcr Vertikal- und Horizontalhub. Die mit \u00e4u\u00dferster Pr\u00e4zision aufwendig hergestellten, kugelgelagerten Messerhalterachsen gew\u00e4hrleisten gegen\u00fcber einfacheren Systemen eine spielfreie vibrationsd\u00e4mpfende Montage, die die DIENES Feinschneidtechnologie voll zur Entfaltung kommen l\u00e4sst. Damit sind unsere Messerhalter allen schneidtechnologischen Anforderungen gewachsen.<\/p>\n<p>Neben unseren zahlreichen Produkten entwickeln wir individuelle L\u00f6sung und schaffen so immer wieder neue Innovationen auf dem Markt.<\/p>\n\n\n                            <\/div>\n                    <\/div>\n    <\/div>\n\n                    <div class=\"teaser-media__image-wrapper lazyload js-parallax-teaser\"\n             data-bg=\"https:\/\/www.dienes.de\/wp-content\/uploads\/2020\/07\/Messerhalter-kugelgelagerten-Messerhalterachsen.jpg\"\n             data-rellax-speed=\"1\"\n             data-rellax-min=\"-50\"\n             data-rellax-max=\"50\"\n        >\n        <\/div>\n    \n    \n    <\/div>\n\n<div style=\"height:20px\" aria-hidden=\"true\" class=\"wp-block-spacer\"><\/div>\n\n\n\n\n<div class=\"teaser-media  teaser-media--block   js-rellax-wrapper \"\n     data-parallax-selector=\".js-parallax-teaser\"\n     data-parallax-breakpoint=\"992\">\n                        <div class=\"teaser-media__image-wrapper lazyload js-parallax-teaser\"\n             data-bg=\"https:\/\/www.dienes.de\/wp-content\/uploads\/2020\/07\/Tissue-World_2_600DPI.jpg\"\n             data-rellax-speed=\"1\"\n             data-rellax-min=\"-50\"\n             data-rellax-max=\"50\"\n        >\n        <\/div>\n    \n    \n                <div class=\"teaser-media__body-wrapper js-parallax-teaser\"\n         data-rellax-speed=\"1\"\n         data-rellax-min=\"-120\"\n         data-rellax-max=\"120\">\n        <div class=\"teaser-media__body\">\n            <div class=\"teaser-media__content\">\n                <h3 class=\"headline headline--h3 headline--underscore\">Das richtige Schneidsystem <\/h3>\n                <p>Ob es um steckerfertige Anlagen geht, die exakt auf die Bed\u00fcrfnisse zugeschnitten sind oder um Schneidsysteme, die als Baustein in geplante Maschinen eingebaut werden sollen oder um Systeme, die in laufenden Maschinen nachger\u00fcstet werden sollen, bereits am Computer k\u00f6nnen Sie den Einsatz der kompletten Einheiten simulieren. Selbstverst\u00e4ndlich mit allen g\u00e4ngigen Schnittstellen und Bus-Systemen verf\u00fcgbar. Wie Sie durch Modernisierung auch zu erheblichen Kosteneinsparungen kommen, zeigt das Beispiel eines Jagenberg Querschneiders von 1977. Die R\u00fcstzeiten konnten durch vollautomatische Ober- und Untermesserverstellung um mehr als 70% verringert werden. Die Standzeiten der Ober- und Untermesser konnten nahezu verzehnfacht werden.<\/p>\n\n\n                            <\/div>\n                            <div class=\"teaser-media__link-wrapper teaser-media__link\">\n                        \n    <a href=\"https:\/\/www.dienes.de\/produkte\/schneidsysteme\/\" target=\"\" class=\"button \" title=\"Das richtige Schneidsystem\">\n        <span class=\"\">Das richtige Schneidsystem<\/span>\n    <\/a>\n\n                <\/div>\n                    <\/div>\n    <\/div>\n\n    <\/div>\n\n<div style=\"height:20px\" aria-hidden=\"true\" class=\"wp-block-spacer\"><\/div>\n\n\n\n\n<div class=\"teaser-media teaser-media--right teaser-media--block   js-rellax-wrapper \"\n     data-parallax-selector=\".js-parallax-teaser\"\n     data-parallax-breakpoint=\"992\">\n                    <div class=\"teaser-media__body-wrapper js-parallax-teaser\"\n         data-rellax-speed=\"1\"\n         data-rellax-min=\"-120\"\n         data-rellax-max=\"120\">\n        <div class=\"teaser-media__body\">\n            <div class=\"teaser-media__content\">\n                <h3 class=\"headline headline--h3 headline--underscore\">Technische Highlights und Zusatzfunktionen<\/h3>\n                <p>Neben unseren zahlreichen Produkten entwickeln wir individuelle L\u00f6sung und schaffen so immer wieder neue Innovationen auf dem Markt.<\/p>\n<p>Selbstverst\u00e4ndlich optimieren wir die Ma\u00dfst\u00e4be unserer Messerhalter st\u00e4ndig in unserer Forschungsarbeit. So sind wir in der Lage jeglichen schneidtechnologischen und kundenspezifischen Anforderungen gerecht zu werden. F\u00fcr Fragen rund um unsere Produkte stehen wir Ihnen gerne zur Verf\u00fcgung. Ganz nach Ihrem individuellem Wunsch realisieren wir in unserer hauseigenen Entwicklungsabteilung und mit modernster Technik auch funktionelle wie optische Sonderl\u00f6sungen.<\/p>\n\n\n                            <\/div>\n                            <div class=\"teaser-media__link-wrapper teaser-media__link\">\n                        \n    <a href=\"https:\/\/www.dienes.de\/innovationen\/\" target=\"\" class=\"button \" title=\"Alles zu unseren Innovationen \">\n        <span class=\"\">Alles zu unseren Innovationen <\/span>\n    <\/a>\n\n                <\/div>\n                    <\/div>\n    <\/div>\n\n                    <div class=\"teaser-media__image-wrapper lazyload js-parallax-teaser\"\n             data-bg=\"https:\/\/www.dienes.de\/wp-content\/uploads\/2020\/03\/209-PSGS-DF-Einstellschieber-Easy-set.jpg\"\n             data-rellax-speed=\"1\"\n             data-rellax-min=\"-50\"\n             data-rellax-max=\"50\"\n        >\n        <\/div>\n    \n    \n    <\/div>\n","protected":false},"excerpt":{"rendered":"<p>Pour chauqe coupe la bonne option Qu&rsquo;il s&rsquo;agisse d&rsquo;un porte-couteau pour la coupe aux ciseaux, la coupe par \u00e9crasement, la coupe par \u00e9clatement\/la coupe \u00e0 la lame de rasoir ou la coupe \u00e0 chaud, qu&rsquo;il s&rsquo;agisse de la s\u00e9rie Premium, Elite ou Ultimate, ils convainquent tous par un guidage des couteaux des plus pr\u00e9cis, une [&hellip;]<\/p>\n","protected":false},"author":1,"featured_media":7359,"parent":18421,"menu_order":0,"comment_status":"closed","ping_status":"closed","template":"","meta":{"_acf_changed":false,"footnotes":""},"class_list":["post-15942","page","type-page","status-publish","has-post-thumbnail","hentry"],"acf":[],"yoast_head":"<!-- This site is optimized with the Yoast SEO plugin v27.4 - https:\/\/yoast.com\/product\/yoast-seo-wordpress\/ -->\n<title>Portes couteaux - DIENES<\/title>\n<meta name=\"description\" content=\"Des porte-couteaux DIENES divers et innovants pour toutes les m\u00e9thodes de coupe - comptez sur le meilleur : \u00e0 savoir une excellente qualit\u00e9 !\" \/>\n<meta name=\"robots\" content=\"index, follow, max-snippet:-1, max-image-preview:large, max-video-preview:-1\" \/>\n<link rel=\"canonical\" href=\"https:\/\/www.dienes.de\/fr\/produits\/porte-couteau\/\" \/>\n<meta property=\"og:locale\" content=\"fr_FR\" \/>\n<meta property=\"og:type\" content=\"article\" \/>\n<meta property=\"og:title\" content=\"Portes couteaux - DIENES\" \/>\n<meta property=\"og:description\" content=\"Des porte-couteaux DIENES divers et innovants pour toutes les m\u00e9thodes de coupe - comptez sur le meilleur : \u00e0 savoir une excellente qualit\u00e9 !\" \/>\n<meta property=\"og:url\" content=\"https:\/\/www.dienes.de\/fr\/produits\/porte-couteau\/\" \/>\n<meta property=\"og:site_name\" content=\"DIENES\" \/>\n<meta property=\"article:publisher\" content=\"https:\/\/m.facebook.com\/profile.php?id=100063618859102\" \/>\n<meta property=\"article:modified_time\" content=\"2021-05-10T13:13:55+00:00\" \/>\n<meta property=\"og:image\" content=\"https:\/\/www.dienes.de\/wp-content\/uploads\/2020\/07\/Messerhalter.jpg\" \/>\n\t<meta property=\"og:image:width\" content=\"1043\" \/>\n\t<meta property=\"og:image:height\" content=\"577\" \/>\n\t<meta property=\"og:image:type\" content=\"image\/jpeg\" \/>\n<meta name=\"twitter:card\" content=\"summary_large_image\" \/>\n<meta name=\"twitter:label1\" content=\"Dur\u00e9e de lecture estim\u00e9e\" \/>\n\t<meta name=\"twitter:data1\" content=\"1 minute\" \/>\n<script type=\"application\/ld+json\" class=\"yoast-schema-graph\">{\"@context\":\"https:\\\/\\\/schema.org\",\"@graph\":[{\"@type\":\"WebPage\",\"@id\":\"https:\\\/\\\/www.dienes.de\\\/fr\\\/produits\\\/porte-couteau\\\/\",\"url\":\"https:\\\/\\\/www.dienes.de\\\/fr\\\/produits\\\/porte-couteau\\\/\",\"name\":\"Portes couteaux - DIENES\",\"isPartOf\":{\"@id\":\"https:\\\/\\\/www.dienes.de\\\/fr\\\/#website\"},\"primaryImageOfPage\":{\"@id\":\"https:\\\/\\\/www.dienes.de\\\/fr\\\/produits\\\/porte-couteau\\\/#primaryimage\"},\"image\":{\"@id\":\"https:\\\/\\\/www.dienes.de\\\/fr\\\/produits\\\/porte-couteau\\\/#primaryimage\"},\"thumbnailUrl\":\"https:\\\/\\\/www.dienes.de\\\/wp-content\\\/uploads\\\/2020\\\/07\\\/Messerhalter.jpg\",\"datePublished\":\"2019-10-29T08:53:37+00:00\",\"dateModified\":\"2021-05-10T13:13:55+00:00\",\"description\":\"Des porte-couteaux DIENES divers et innovants pour toutes les m\u00e9thodes de coupe - comptez sur le meilleur : \u00e0 savoir une excellente qualit\u00e9 !\",\"breadcrumb\":{\"@id\":\"https:\\\/\\\/www.dienes.de\\\/fr\\\/produits\\\/porte-couteau\\\/#breadcrumb\"},\"inLanguage\":\"fr-FR\",\"potentialAction\":[{\"@type\":\"ReadAction\",\"target\":[\"https:\\\/\\\/www.dienes.de\\\/fr\\\/produits\\\/porte-couteau\\\/\"]}]},{\"@type\":\"ImageObject\",\"inLanguage\":\"fr-FR\",\"@id\":\"https:\\\/\\\/www.dienes.de\\\/fr\\\/produits\\\/porte-couteau\\\/#primaryimage\",\"url\":\"https:\\\/\\\/www.dienes.de\\\/wp-content\\\/uploads\\\/2020\\\/07\\\/Messerhalter.jpg\",\"contentUrl\":\"https:\\\/\\\/www.dienes.de\\\/wp-content\\\/uploads\\\/2020\\\/07\\\/Messerhalter.jpg\",\"width\":1043,\"height\":577,\"caption\":\"DIENES Messerhalter\"},{\"@type\":\"BreadcrumbList\",\"@id\":\"https:\\\/\\\/www.dienes.de\\\/fr\\\/produits\\\/porte-couteau\\\/#breadcrumb\",\"itemListElement\":[{\"@type\":\"ListItem\",\"position\":1,\"name\":\"Startseite\",\"item\":\"https:\\\/\\\/www.dienes.de\\\/fr\\\/\"},{\"@type\":\"ListItem\",\"position\":2,\"name\":\"Produits\",\"item\":\"https:\\\/\\\/www.dienes.de\\\/fr\\\/produits\\\/\"},{\"@type\":\"ListItem\",\"position\":3,\"name\":\"Portes couteaux\"}]},{\"@type\":\"WebSite\",\"@id\":\"https:\\\/\\\/www.dienes.de\\\/fr\\\/#website\",\"url\":\"https:\\\/\\\/www.dienes.de\\\/fr\\\/\",\"name\":\"DIENES\",\"description\":\"DIENES \u2013 WELTKLASSE \u2013 WELTWEIT\",\"publisher\":{\"@id\":\"https:\\\/\\\/www.dienes.de\\\/fr\\\/#organization\"},\"potentialAction\":[{\"@type\":\"SearchAction\",\"target\":{\"@type\":\"EntryPoint\",\"urlTemplate\":\"https:\\\/\\\/www.dienes.de\\\/fr\\\/?s={search_term_string}\"},\"query-input\":{\"@type\":\"PropertyValueSpecification\",\"valueRequired\":true,\"valueName\":\"search_term_string\"}}],\"inLanguage\":\"fr-FR\"},{\"@type\":\"Organization\",\"@id\":\"https:\\\/\\\/www.dienes.de\\\/fr\\\/#organization\",\"name\":\"DIENES Werke f\u00fcr Maschinenteile GmbH & Co. KG\",\"alternateName\":\"DIENES Werke GmbH & Co KG\",\"url\":\"https:\\\/\\\/www.dienes.de\\\/fr\\\/\",\"logo\":{\"@type\":\"ImageObject\",\"inLanguage\":\"fr-FR\",\"@id\":\"https:\\\/\\\/www.dienes.de\\\/fr\\\/#\\\/schema\\\/logo\\\/image\\\/\",\"url\":\"https:\\\/\\\/www.dienes.de\\\/wp-content\\\/uploads\\\/2024\\\/04\\\/Logo-Yoast-SEO.png\",\"contentUrl\":\"https:\\\/\\\/www.dienes.de\\\/wp-content\\\/uploads\\\/2024\\\/04\\\/Logo-Yoast-SEO.png\",\"width\":696,\"height\":696,\"caption\":\"DIENES Werke f\u00fcr Maschinenteile GmbH & Co. KG\"},\"image\":{\"@id\":\"https:\\\/\\\/www.dienes.de\\\/fr\\\/#\\\/schema\\\/logo\\\/image\\\/\"},\"sameAs\":[\"https:\\\/\\\/m.facebook.com\\\/profile.php?id=100063618859102\",\"https:\\\/\\\/www.linkedin.com\\\/company\\\/dienes-werke\\\/\",\"https:\\\/\\\/www.instagram.com\\\/dieneswerke\\\/\"]}]}<\/script>\n<!-- \/ Yoast SEO plugin. -->","yoast_head_json":{"title":"Portes couteaux - DIENES","description":"Des porte-couteaux DIENES divers et innovants pour toutes les m\u00e9thodes de coupe - comptez sur le meilleur : \u00e0 savoir une excellente qualit\u00e9 !","robots":{"index":"index","follow":"follow","max-snippet":"max-snippet:-1","max-image-preview":"max-image-preview:large","max-video-preview":"max-video-preview:-1"},"canonical":"https:\/\/www.dienes.de\/fr\/produits\/porte-couteau\/","og_locale":"fr_FR","og_type":"article","og_title":"Portes couteaux - DIENES","og_description":"Des porte-couteaux DIENES divers et innovants pour toutes les m\u00e9thodes de coupe - comptez sur le meilleur : \u00e0 savoir une excellente qualit\u00e9 !","og_url":"https:\/\/www.dienes.de\/fr\/produits\/porte-couteau\/","og_site_name":"DIENES","article_publisher":"https:\/\/m.facebook.com\/profile.php?id=100063618859102","article_modified_time":"2021-05-10T13:13:55+00:00","og_image":[{"width":1043,"height":577,"url":"https:\/\/www.dienes.de\/wp-content\/uploads\/2020\/07\/Messerhalter.jpg","type":"image\/jpeg"}],"twitter_card":"summary_large_image","twitter_misc":{"Dur\u00e9e de lecture estim\u00e9e":"1 minute"},"schema":{"@context":"https:\/\/schema.org","@graph":[{"@type":"WebPage","@id":"https:\/\/www.dienes.de\/fr\/produits\/porte-couteau\/","url":"https:\/\/www.dienes.de\/fr\/produits\/porte-couteau\/","name":"Portes couteaux - DIENES","isPartOf":{"@id":"https:\/\/www.dienes.de\/fr\/#website"},"primaryImageOfPage":{"@id":"https:\/\/www.dienes.de\/fr\/produits\/porte-couteau\/#primaryimage"},"image":{"@id":"https:\/\/www.dienes.de\/fr\/produits\/porte-couteau\/#primaryimage"},"thumbnailUrl":"https:\/\/www.dienes.de\/wp-content\/uploads\/2020\/07\/Messerhalter.jpg","datePublished":"2019-10-29T08:53:37+00:00","dateModified":"2021-05-10T13:13:55+00:00","description":"Des porte-couteaux DIENES divers et innovants pour toutes les m\u00e9thodes de coupe - comptez sur le meilleur : \u00e0 savoir une excellente qualit\u00e9 !","breadcrumb":{"@id":"https:\/\/www.dienes.de\/fr\/produits\/porte-couteau\/#breadcrumb"},"inLanguage":"fr-FR","potentialAction":[{"@type":"ReadAction","target":["https:\/\/www.dienes.de\/fr\/produits\/porte-couteau\/"]}]},{"@type":"ImageObject","inLanguage":"fr-FR","@id":"https:\/\/www.dienes.de\/fr\/produits\/porte-couteau\/#primaryimage","url":"https:\/\/www.dienes.de\/wp-content\/uploads\/2020\/07\/Messerhalter.jpg","contentUrl":"https:\/\/www.dienes.de\/wp-content\/uploads\/2020\/07\/Messerhalter.jpg","width":1043,"height":577,"caption":"DIENES Messerhalter"},{"@type":"BreadcrumbList","@id":"https:\/\/www.dienes.de\/fr\/produits\/porte-couteau\/#breadcrumb","itemListElement":[{"@type":"ListItem","position":1,"name":"Startseite","item":"https:\/\/www.dienes.de\/fr\/"},{"@type":"ListItem","position":2,"name":"Produits","item":"https:\/\/www.dienes.de\/fr\/produits\/"},{"@type":"ListItem","position":3,"name":"Portes couteaux"}]},{"@type":"WebSite","@id":"https:\/\/www.dienes.de\/fr\/#website","url":"https:\/\/www.dienes.de\/fr\/","name":"DIENES","description":"DIENES \u2013 WELTKLASSE \u2013 WELTWEIT","publisher":{"@id":"https:\/\/www.dienes.de\/fr\/#organization"},"potentialAction":[{"@type":"SearchAction","target":{"@type":"EntryPoint","urlTemplate":"https:\/\/www.dienes.de\/fr\/?s={search_term_string}"},"query-input":{"@type":"PropertyValueSpecification","valueRequired":true,"valueName":"search_term_string"}}],"inLanguage":"fr-FR"},{"@type":"Organization","@id":"https:\/\/www.dienes.de\/fr\/#organization","name":"DIENES Werke f\u00fcr Maschinenteile GmbH & Co. KG","alternateName":"DIENES Werke GmbH & Co KG","url":"https:\/\/www.dienes.de\/fr\/","logo":{"@type":"ImageObject","inLanguage":"fr-FR","@id":"https:\/\/www.dienes.de\/fr\/#\/schema\/logo\/image\/","url":"https:\/\/www.dienes.de\/wp-content\/uploads\/2024\/04\/Logo-Yoast-SEO.png","contentUrl":"https:\/\/www.dienes.de\/wp-content\/uploads\/2024\/04\/Logo-Yoast-SEO.png","width":696,"height":696,"caption":"DIENES Werke f\u00fcr Maschinenteile GmbH & Co. KG"},"image":{"@id":"https:\/\/www.dienes.de\/fr\/#\/schema\/logo\/image\/"},"sameAs":["https:\/\/m.facebook.com\/profile.php?id=100063618859102","https:\/\/www.linkedin.com\/company\/dienes-werke\/","https:\/\/www.instagram.com\/dieneswerke\/"]}]}},"_links":{"self":[{"href":"https:\/\/www.dienes.de\/fr\/wp-json\/wp\/v2\/pages\/15942","targetHints":{"allow":["GET"]}}],"collection":[{"href":"https:\/\/www.dienes.de\/fr\/wp-json\/wp\/v2\/pages"}],"about":[{"href":"https:\/\/www.dienes.de\/fr\/wp-json\/wp\/v2\/types\/page"}],"author":[{"embeddable":true,"href":"https:\/\/www.dienes.de\/fr\/wp-json\/wp\/v2\/users\/1"}],"replies":[{"embeddable":true,"href":"https:\/\/www.dienes.de\/fr\/wp-json\/wp\/v2\/comments?post=15942"}],"version-history":[{"count":0,"href":"https:\/\/www.dienes.de\/fr\/wp-json\/wp\/v2\/pages\/15942\/revisions"}],"up":[{"embeddable":true,"href":"https:\/\/www.dienes.de\/fr\/wp-json\/wp\/v2\/pages\/18421"}],"wp:featuredmedia":[{"embeddable":true,"href":"https:\/\/www.dienes.de\/fr\/wp-json\/wp\/v2\/media\/7359"}],"wp:attachment":[{"href":"https:\/\/www.dienes.de\/fr\/wp-json\/wp\/v2\/media?parent=15942"}],"curies":[{"name":"wp","href":"https:\/\/api.w.org\/{rel}","templated":true}]}}